{"id":96,"date":"2026-09-01T21:46:06","date_gmt":"2026-09-01T21:46:06","guid":{"rendered":"https:\/\/iesdivinojesus.edu.pe\/?page_id=96"},"modified":"2026-09-01T22:11:01","modified_gmt":"2026-09-01T22:11:01","slug":"presentacion-institucional","status":"publish","type":"page","link":"https:\/\/iesdivinojesus.edu.pe\/?page_id=96","title":{"rendered":"Presentaci\u00f3n Institucional"},"content":{"rendered":"\t\t<div data-elementor-type=\"wp-page\" data-elementor-id=\"96\" class=\"elementor elementor-96\" data-elementor-post-type=\"page\">\n\t\t\t\t<div data-particle_enable=\"false\" data-particle-mobile-disabled=\"false\" class=\"elementor-element elementor-element-7893fbf e-con-full sg-slider-full e-flex e-con e-parent\" data-id=\"7893fbf\" data-element_type=\"container\" data-e-type=\"container\" data-settings=\"{&quot;ekit_has_onepagescroll_dot&quot;:&quot;yes&quot;}\">\n\t\t\t\t<div class=\"elementor-element elementor-element-5469b14 sg-slider-pro elementor--h-position-center elementor--v-position-middle elementor-arrows-position-inside elementor-pagination-position-inside elementor-widget elementor-widget-slides\" data-id=\"5469b14\" data-element_type=\"widget\" data-e-type=\"widget\" data-settings=\"{&quot;navigation&quot;:&quot;both&quot;,&quot;autoplay&quot;:&quot;yes&quot;,&quot;pause_on_hover&quot;:&quot;yes&quot;,&quot;pause_on_interaction&quot;:&quot;yes&quot;,&quot;autoplay_speed&quot;:5000,&quot;infinite&quot;:&quot;yes&quot;,&quot;transition&quot;:&quot;slide&quot;,&quot;transition_speed&quot;:500,&quot;ekit_we_effect_on&quot;:&quot;none&quot;}\" data-widget_type=\"slides.default\">\n\t\t\t\t\t\t\t\t\t\t<div class=\"elementor-slides-wrapper elementor-main-swiper swiper\" role=\"region\" aria-roledescription=\"carousel\" aria-label=\"Slides\" dir=\"ltr\" data-animation=\"fadeInUp\">\r\n\t\t\t\t<div class=\"swiper-wrapper elementor-slides\">\r\n\t\t\t\t\t\t\t\t\t\t<div class=\"elementor-repeater-item-a8da1c2 swiper-slide\" role=\"group\" aria-roledescription=\"slide\"><div class=\"swiper-slide-bg\" role=\"img\" aria-label=\"escolta\"><\/div><a class=\"swiper-slide-inner\" href=\"#somos\"><div class=\"swiper-slide-contents\"><div class=\"elementor-slide-heading\">Presentaci\u00f3n Institucional<\/div><div class=\"elementor-slide-description\">Somos una instituci\u00f3n de educaci\u00f3n superior tecnol\u00f3gica comprometida con la formaci\u00f3n de profesionales competentes, capaces de contribuir al desarrollo sostenible, productivo y social de nuestra regi\u00f3n.<\/div><div  class=\"elementor-button elementor-slide-button elementor-size-sm\">Conocenos<\/div><\/div><\/a><\/div>\t\t\t\t<\/div>\r\n\t\t\t\t\t\t\t<\/div>\r\n\t\t\t\t\t\t\t\t<\/div>\n\t\t\t\t<\/div>\n\t\t<div data-particle_enable=\"false\" data-particle-mobile-disabled=\"false\" class=\"elementor-element elementor-element-c282b7c e-con-full sg-program-intro e-flex e-con e-parent\" data-id=\"c282b7c\" data-element_type=\"container\" data-e-type=\"container\" data-settings=\"{&quot;ekit_has_onepagescroll_dot&quot;:&quot;yes&quot;}\">\n\t\t\t\t<div class=\"elementor-element elementor-element-6965e75 sg-program-intro-title elementor-widget elementor-widget-heading\" data-id=\"6965e75\" data-element_type=\"widget\" data-e-type=\"widget\" data-settings=\"{&quot;ekit_we_effect_on&quot;:&quot;none&quot;}\" data-widget_type=\"heading.default\">\n\t\t\t\t\t<h2 class=\"elementor-heading-title elementor-size-default\">Educaci\u00f3n que conecta talento y territorio<\/h2>\t\t\t\t<\/div>\n\t\t\t\t<div class=\"elementor-element elementor-element-6520939 sg-program-intro-text elementor-widget elementor-widget-text-editor\" data-id=\"6520939\" data-element_type=\"widget\" data-e-type=\"widget\" data-settings=\"{&quot;ekit_we_effect_on&quot;:&quot;none&quot;}\" data-widget_type=\"text-editor.default\">\n\t\t\t\t\t\t\t\t\t<p>El\u00a0<strong>Instituto de Educaci\u00f3n Superior Tecnol\u00f3gico P\u00fablico de Divino Jesus <\/strong>es una instituci\u00f3n comprometida con la formaci\u00f3n integral de j\u00f3venes que buscan desarrollar sus capacidades profesionales y aportar al crecimiento de sus comunidades.<\/p><p>Nuestra propuesta educativa busca articular el conocimiento acad\u00e9mico con la pr\u00e1ctica, la innovaci\u00f3n, la identidad cultural y las necesidades del entorno, promoviendo profesionales capaces de desenvolverse responsablemente en distintos escenarios laborales y productivos.<\/p><p>A trav\u00e9s del trabajo conjunto de docentes, estudiantes, personal administrativo y autoridades, fortalecemos continuamente nuestros servicios educativos para brindar una experiencia formativa pertinente, inclusiva y orientada al futuro.<br \/>Este programa est\u00e1 orientado a fortalecer capacidades para la producci\u00f3n, manejo, control, transformaci\u00f3n b\u00e1sica y comercializaci\u00f3n, respondiendo a las necesidades del sector agropecuario y al desarrollo de la regi\u00f3n.<\/p><p><strong>Nuestra labor educativa tiene como centro al estudiante y como prop\u00f3sito contribuir al desarrollo de personas competentes, responsables y comprometidas con su comunidad.<\/strong><\/p>\t\t\t\t\t\t\t\t<\/div>\n\t\t\t\t<div class=\"elementor-element elementor-element-3c8f8e6 sg-program-img sg-program-img-1 elementor-widget elementor-widget-image\" data-id=\"3c8f8e6\" data-element_type=\"widget\" data-e-type=\"widget\" data-settings=\"{&quot;ekit_we_effect_on&quot;:&quot;none&quot;}\" data-widget_type=\"image.default\">\n\t\t\t\t\t\t\t\t\t\t\t\t\t\t\t<img decoding=\"async\" src=\"https:\/\/iesdivinojesus.edu.pe\/wp-content\/plugins\/elementor\/assets\/images\/placeholder.png\" title=\"\" alt=\"\" loading=\"lazy\" \/>\t\t\t\t\t\t\t\t\t\t\t\t\t\t\t<\/div>\n\t\t\t\t<div class=\"elementor-element elementor-element-826f23b sg-program-img sg-program-img-2 elementor-widget elementor-widget-image\" data-id=\"826f23b\" data-element_type=\"widget\" data-e-type=\"widget\" data-settings=\"{&quot;ekit_we_effect_on&quot;:&quot;none&quot;}\" data-widget_type=\"image.default\">\n\t\t\t\t\t\t\t\t\t\t\t\t\t\t\t<img decoding=\"async\" src=\"https:\/\/iesdivinojesus.edu.pe\/wp-content\/plugins\/elementor\/assets\/images\/placeholder.png\" title=\"\" alt=\"\" loading=\"lazy\" \/>\t\t\t\t\t\t\t\t\t\t\t\t\t\t\t<\/div>\n\t\t\t\t<\/div>\n\t\t<div data-particle_enable=\"false\" data-particle-mobile-disabled=\"false\" class=\"elementor-element elementor-element-4f4be31 e-con-full sg-pei-components e-flex e-con e-parent\" data-id=\"4f4be31\" data-element_type=\"container\" data-e-type=\"container\" data-settings=\"{&quot;ekit_has_onepagescroll_dot&quot;:&quot;yes&quot;}\">\n\t\t\t\t<div class=\"elementor-element elementor-element-273f78d sg-pei-components-title elementor-widget elementor-widget-heading\" data-id=\"273f78d\" data-element_type=\"widget\" data-e-type=\"widget\" data-settings=\"{&quot;ekit_we_effect_on&quot;:&quot;none&quot;}\" data-widget_type=\"heading.default\">\n\t\t\t\t\t<h2 class=\"elementor-heading-title elementor-size-default\">Formaci\u00f3n para transformar<\/h2>\t\t\t\t<\/div>\n\t\t\t\t<div class=\"elementor-element elementor-element-68e6ca0 sg-pei-components-desc elementor-widget elementor-widget-text-editor\" data-id=\"68e6ca0\" data-element_type=\"widget\" data-e-type=\"widget\" data-settings=\"{&quot;ekit_we_effect_on&quot;:&quot;none&quot;}\" data-widget_type=\"text-editor.default\">\n\t\t\t\t\t\t\t\t\t<p>Orientamos nuestra labor educativa hacia el desarrollo de competencias profesionales, humanas y sociales que preparen a nuestros estudiantes para afrontar los desaf\u00edos de su entorno.<\/p>\t\t\t\t\t\t\t\t<\/div>\n\t\t<div data-particle_enable=\"false\" data-particle-mobile-disabled=\"false\" class=\"elementor-element elementor-element-09280c8 e-grid e-con-full sg-pei-components-grid e-con e-child\" data-id=\"09280c8\" data-element_type=\"container\" data-e-type=\"container\" data-settings=\"{&quot;ekit_has_onepagescroll_dot&quot;:&quot;yes&quot;}\">\n\t\t\t\t<div class=\"elementor-element elementor-element-02a155e sg-pei-component-card sg-pei-card-1 elementor-widget elementor-widget-text-editor\" data-id=\"02a155e\" data-element_type=\"widget\" data-e-type=\"widget\" data-settings=\"{&quot;ekit_we_effect_on&quot;:&quot;none&quot;}\" data-widget_type=\"text-editor.default\">\n\t\t\t\t\t\t\t\t\t<h3>Calidad Acad\u00e9mica<\/h3>\n<p>Promovemos procesos formativos orientados al desarrollo de capacidades t\u00e9cnicas y profesionales pertinentes para el desempe\u00f1o laboral.<\/p>\t\t\t\t\t\t\t\t<\/div>\n\t\t\t\t<div class=\"elementor-element elementor-element-1e78191 sg-pei-component-card sg-pei-card-2 elementor-widget elementor-widget-text-editor\" data-id=\"1e78191\" data-element_type=\"widget\" data-e-type=\"widget\" data-settings=\"{&quot;ekit_we_effect_on&quot;:&quot;none&quot;}\" data-widget_type=\"text-editor.default\">\n\t\t\t\t\t\t\t\t\t<h3>Innovaci\u00f3n<\/h3>\n<p>Impulsamos el uso de nuevas herramientas, metodolog\u00edas y tecnolog\u00edas que fortalezcan el proceso de ense\u00f1anza y aprendizaje.<\/p>\t\t\t\t\t\t\t\t<\/div>\n\t\t\t\t<div class=\"elementor-element elementor-element-4da58ca sg-pei-component-card sg-pei-card-3 elementor-widget elementor-widget-text-editor\" data-id=\"4da58ca\" data-element_type=\"widget\" data-e-type=\"widget\" data-settings=\"{&quot;ekit_we_effect_on&quot;:&quot;none&quot;}\" data-widget_type=\"text-editor.default\">\n\t\t\t\t\t\t\t\t\t<h3>Compromiso Social<\/h3>\n<p>Fomentamos una formaci\u00f3n responsable y vinculada con las necesidades sociales y productivas de nuestras comunidades.<\/p>\t\t\t\t\t\t\t\t<\/div>\n\t\t\t\t<\/div>\n\t\t\t\t<\/div>\n\t\t<div data-particle_enable=\"false\" data-particle-mobile-disabled=\"false\" class=\"elementor-element elementor-element-38dfab7 e-con-full mensaje-institucional e-flex e-con e-parent\" data-id=\"38dfab7\" data-element_type=\"container\" data-e-type=\"container\" data-settings=\"{&quot;ekit_has_onepagescroll_dot&quot;:&quot;yes&quot;}\">\n\t\t\t\t<div class=\"elementor-element elementor-element-2dfe9e6 mensaje-imagen elementor-widget elementor-widget-image\" data-id=\"2dfe9e6\" data-element_type=\"widget\" data-e-type=\"widget\" data-settings=\"{&quot;ekit_we_effect_on&quot;:&quot;none&quot;}\" data-widget_type=\"image.default\">\n\t\t\t\t\t\t\t\t\t\t\t\t\t\t\t<img fetchpriority=\"high\" decoding=\"async\" width=\"447\" height=\"447\" src=\"https:\/\/iesdivinojesus.edu.pe\/wp-content\/uploads\/2026\/09\/images__26_-removebg-preview.png\" class=\"attachment-large size-large wp-image-44\" alt=\"\" srcset=\"https:\/\/iesdivinojesus.edu.pe\/wp-content\/uploads\/2026\/09\/images__26_-removebg-preview.png 447w, https:\/\/iesdivinojesus.edu.pe\/wp-content\/uploads\/2026\/09\/images__26_-removebg-preview-300x300.png 300w, https:\/\/iesdivinojesus.edu.pe\/wp-content\/uploads\/2026\/09\/images__26_-removebg-preview-150x150.png 150w\" sizes=\"(max-width: 447px) 100vw, 447px\" \/>\t\t\t\t\t\t\t\t\t\t\t\t\t\t\t<\/div>\n\t\t\t\t<div class=\"elementor-element elementor-element-d9e0799 mensaje-titulo elementor-widget elementor-widget-heading\" data-id=\"d9e0799\" data-element_type=\"widget\" data-e-type=\"widget\" data-settings=\"{&quot;ekit_we_effect_on&quot;:&quot;none&quot;}\" data-widget_type=\"heading.default\">\n\t\t\t\t\t<h2 class=\"elementor-heading-title elementor-size-default\">Una instituci\u00f3n comprometida con sus estudiantes<\/h2>\t\t\t\t<\/div>\n\t\t\t\t<div class=\"elementor-element elementor-element-30dae58 mensaje-contenido elementor-widget elementor-widget-text-editor\" data-id=\"30dae58\" data-element_type=\"widget\" data-e-type=\"widget\" data-settings=\"{&quot;ekit_we_effect_on&quot;:&quot;none&quot;}\" data-widget_type=\"text-editor.default\">\n\t\t\t\t\t\t\t\t\t<p>En el IESTP Divino Jesus entendemos que la educaci\u00f3n superior tecnol\u00f3gica constituye una herramienta fundamental para generar oportunidades y mejorar la calidad de vida de nuestros j\u00f3venes y sus familias.<\/p><p>Por ello, asumimos el compromiso de continuar fortaleciendo nuestros procesos acad\u00e9micos, servicios institucionales, recursos tecnol\u00f3gicos y espacios de aprendizaje, procurando responder de manera efectiva a las necesidades de nuestra comunidad educativa.<\/p><p>Invitamos a estudiantes, docentes, egresados, familias y comunidad a ser parte activa de este proyecto educativo orientado a construir un futuro con mayores oportunidades para nuestra regi\u00f3n.<\/p><p><strong>Direcci\u00f3n General <\/strong>IESTP Divino Jesus<\/p>\t\t\t\t\t\t\t\t<\/div>\n\t\t\t\t<\/div>\n\t\t\t\t<\/div>\n\t\t","protected":false},"excerpt":{"rendered":"<p>Presentaci\u00f3n InstitucionalSomos una instituci\u00f3n de educaci\u00f3n superior tecnol\u00f3gica comprometida con la formaci\u00f3n de profesionales competentes, capaces de contribuir al desarrollo sostenible, productivo y social de nuestra regi\u00f3n.Conocenos Educaci\u00f3n que conecta talento y territorio El\u00a0Instituto de Educaci\u00f3n Superior Tecnol\u00f3gico P\u00fablico de Divino Jesus es una instituci\u00f3n comprometida con la formaci\u00f3n integral de j\u00f3venes que buscan desarrollar [&hellip;]<\/p>\n","protected":false},"author":1,"featured_media":0,"parent":0,"menu_order":0,"comment_status":"closed","ping_status":"closed","template":"elementor_header_footer","meta":{"footnotes":""},"class_list":["post-96","page","type-page","status-publish","hentry"],"blocksy_meta":{"styles_descriptor":{"styles":{"desktop":"","tablet":"","mobile":""},"google_fonts":[],"version":7}},"_links":{"self":[{"href":"https:\/\/iesdivinojesus.edu.pe\/index.php?rest_route=\/wp\/v2\/pages\/96","targetHints":{"allow":["GET"]}}],"collection":[{"href":"https:\/\/iesdivinojesus.edu.pe\/index.php?rest_route=\/wp\/v2\/pages"}],"about":[{"href":"https:\/\/iesdivinojesus.edu.pe\/index.php?rest_route=\/wp\/v2\/types\/page"}],"author":[{"embeddable":true,"href":"https:\/\/iesdivinojesus.edu.pe\/index.php?rest_route=\/wp\/v2\/users\/1"}],"replies":[{"embeddable":true,"href":"https:\/\/iesdivinojesus.edu.pe\/index.php?rest_route=%2Fwp%2Fv2%2Fcomments&post=96"}],"version-history":[{"count":16,"href":"https:\/\/iesdivinojesus.edu.pe\/index.php?rest_route=\/wp\/v2\/pages\/96\/revisions"}],"predecessor-version":[{"id":115,"href":"https:\/\/iesdivinojesus.edu.pe\/index.php?rest_route=\/wp\/v2\/pages\/96\/revisions\/115"}],"wp:attachment":[{"href":"https:\/\/iesdivinojesus.edu.pe\/index.php?rest_route=%2Fwp%2Fv2%2Fmedia&parent=96"}],"curies":[{"name":"wp","href":"https:\/\/api.w.org\/{rel}","templated":true}]}}